{"id":33234,"date":"2024-10-16T08:11:14","date_gmt":"2024-10-16T06:11:14","guid":{"rendered":"https:\/\/elizagipuzkoa.org\/?page_id=33234"},"modified":"2026-01-13T08:16:48","modified_gmt":"2026-01-13T07:16:48","slug":"laikoak","status":"publish","type":"page","link":"https:\/\/elizagipuzkoa.org\/eu\/elizbarrutia\/erakundea\/ebanjelizatze-arloa\/laikoak\/","title":{"rendered":"Laikoak"},"content":{"rendered":"<div class=\"wpb-content-wrapper\"><p>[vc_row css=&#8221;.vc_custom_1707207537673{margin-top: 30px !important;margin-bottom: 30px !important;}&#8221;][vc_column][vc_column_text css=&#8221;&#8221;]Ordezkaritzaren eginkizun nagusia elizbarrutiko laikoak animatzea eta laguntzea da, elkarrekin deiera laikoan elkarrekin hazten jarraitzeko; eta, bide batez, Elizarekiko eta, bereziki, gure elizbarrutiak gizartearekiko konpromisoa bultzatu eta sustatzeko. Horretarako, guztiaren gainetik, Ordezkaritzak elkarterik ez duten mugimendu, elkarte eta laikoen topaleku izan nahi du.<\/p>\n<p><strong>Helburuak:<\/strong><\/p>\n<ol>\n<li>Laikoen Mahaia animatzen, sendotzen eta koordinatzen jarraitzea, elizbarrutian laikotza koordinatu, animatu eta sustatzeko.<\/li>\n<li>Laikotzaren espiritualtasuna eta trebakuntza sustatzea.<\/li>\n<li>Elizbarrutiko laikoen arteko topaketa, elkarrizketa, hausnarketa eta elkarlanaren alde egitea.<\/li>\n<li>Elizbarrutiko gainerako Ordezkaritzekin eta Bikaritzekin lankidetzan aritzea.<\/li>\n<\/ol>\n<p>[\/vc_column_text][vc_row_inner css=&#8221;.vc_custom_1729102201039{margin-bottom: 25px !important;}&#8221;][vc_column_inner][vc_column_text css=&#8221;.vc_custom_1760336310693{margin-bottom: 5px !important;}&#8221;]<\/p>\n<h4><strong>2025-2026ko EGUTEGIA<\/strong><\/h4>\n<p>[\/vc_column_text][\/vc_column_inner][\/vc_row_inner][vc_row_inner css=&#8221;.vc_custom_1729100552449{margin-bottom: 15px !important;}&#8221;][vc_column_inner width=&#8221;1\/3&#8243;][vc_column_text css=&#8221;.vc_custom_1760336829650{margin-bottom: 10px !important;}&#8221;]<\/p>\n<p style=\"text-align: center;\"><strong>Laikoen Mahaia<\/strong><\/p>\n<p>[\/vc_column_text][vc_column_text css=&#8221;&#8221; el_class=&#8221;laicos_nivel1&#8243;]<\/p>\n<p style=\"text-align: center;\">Elizbarrutiko seminarioan<br \/>\n18:00etatik 20:00etara.<br \/>\n&#8211; urriaren 28an<br \/>\n&#8211; otsailaren 24ean<\/p>\n<p>[\/vc_column_text][\/vc_column_inner][vc_column_inner width=&#8221;1\/3&#8243;][vc_column_text css=&#8221;.vc_custom_1760336635291{margin-bottom: 10px !important;}&#8221;]<\/p>\n<p style=\"text-align: center;\"><strong>Otoitz topaketak<\/strong><\/p>\n<p>[\/vc_column_text][vc_column_text css=&#8221;&#8221; el_class=&#8221;laicos_nivel2&#8243;]<\/p>\n<p style=\"text-align: center;\">HITZAREKIN TOPATUZ<br \/>\n&#8220;<em>Ikasle misiolariak<\/em>&#8221;<br \/>\nHonetan datza ibilbide espirituala:<br \/>\n&#8211; 7 topaketa erreferentziasko komunitatean<br \/>\n&#8211; 2 erretiro Loiolan (azaroaren 29an eta martxoaren 7an)<\/p>\n<p>[\/vc_column_text][\/vc_column_inner][vc_column_inner width=&#8221;1\/3&#8243;][vc_column_text css=&#8221;.vc_custom_1760336592931{margin-bottom: 10px !important;}&#8221;]<\/p>\n<p style=\"text-align: center;\"><strong>Formazio jardunaldia<\/strong><\/p>\n<p>[\/vc_column_text][vc_column_text css=&#8221;&#8221; el_class=&#8221;laicos_nivel3&#8243;]<\/p>\n<p style=\"text-align: center;\">&#8220;<em>Presentzia bizitza publikoan<\/em>&#8221;<br \/>\nElizbarrutiko seminarioan<br \/>\nurtarrilaren 24an<br \/>\n10:00etatik 13:00etara<\/p>\n<p>[\/vc_column_text][\/vc_column_inner][\/vc_row_inner][vc_row_inner css=&#8221;.vc_custom_1729499937094{margin-bottom: 20px !important;}&#8221;][vc_column_inner width=&#8221;1\/2&#8243;][vc_column_text css=&#8221;.vc_custom_1760336448556{margin-bottom: 10px !important;}&#8221;]<\/p>\n<p style=\"text-align: center;\"><strong>Elizbarrutiko topaketa<\/strong><\/p>\n<p>[\/vc_column_text][vc_column_text css=&#8221;.vc_custom_1760336487067{margin-bottom: 10px !important;}&#8221; el_class=&#8221;laicos_nivel4&#8243;]<\/p>\n<p style=\"text-align: center;\">Elizbarrutiko seminarioan<br \/>\nmaiatzaren 23an<br \/>\n10:00etatik 13:30era<\/p>\n<p>[\/vc_column_text][\/vc_column_inner][vc_column_inner width=&#8221;1\/2&#8243;][vc_column_text css=&#8221;.vc_custom_1729144962800{margin-bottom: 10px !important;}&#8221;]<\/p>\n<p style=\"text-align: center;\"><strong>Gogo-jardunak<\/strong><\/p>\n<p>[\/vc_column_text][vc_column_text css_animation=&#8221;none&#8221; css=&#8221;&#8221; el_class=&#8221;laicos_nivel5&#8243;]<\/p>\n<p style=\"text-align: center;\">Loiolako Arrupe Etxean<br \/>\nuztailaren 16tik (gauez) 20ra (goizez)<\/p>\n<p>[\/vc_column_text][\/vc_column_inner][\/vc_row_inner][\/vc_column][\/vc_row][vc_row css=&#8221;.vc_custom_1729144571909{margin-bottom: 20px !important;}&#8221;][vc_column][vc_column_text css=&#8221;.vc_custom_1760336907427{margin-bottom: 20px !important;}&#8221;]Puedes descargar el folleto informativo desde <a href=\"https:\/\/elizagipuzkoa.org\/wp-content\/uploads\/2025\/10\/2025-2026_Laikoak-scaled.jpg\" target=\"_blank\" rel=\"noopener\">aqu\u00ed<\/a>.[\/vc_column_text][\/vc_column][\/vc_row][vc_row disable_element=&#8221;yes&#8221; css=&#8221;.vc_custom_1736237399027{margin-bottom: 20px !important;}&#8221;][vc_column][vc_column_text css=&#8221;.vc_custom_1729499764606{margin-bottom: 20px !important;}&#8221;]<\/p>\n<h4><strong>Erretiro espirituala: 2024ko azaroak 23<\/strong><\/h4>\n<p>Loiolako Gogartetxea<br \/>\n\u00abAbendualdia: Itxaropena berpizteko unea\u00bb<br \/>\nJos\u00e9 Javier Pardo, sj<\/p>\n<p>Para participar es imprescindible inscribirse antes del 15 de noviembre desde <strong><a href=\"https:\/\/forms.office.com\/pages\/responsepage.aspx?id=vMj1G-yduU66-O0ibq2RnwOyL3zOH7dIsUkMG2dW5DFUMktYQTRIVVdHOENLNlQ1UFZCQVNJSURFSC4u&amp;route=shorturl\" target=\"_blank\" rel=\"noopener\">aqu\u00ed<\/a><\/strong>[\/vc_column_text][\/vc_column][\/vc_row][vc_row disable_element=&#8221;yes&#8221; css=&#8221;.vc_custom_1736237406659{padding-left: 10px !important;}&#8221;][vc_column width=&#8221;1\/3&#8243; css=&#8221;.vc_custom_1729498809973{padding-top: 5px !important;border-color: #EEEEEE !important;}&#8221;][vc_row_inner css=&#8221;.vc_custom_1729498795223{margin-bottom: 5px !important;}&#8221;][vc_column_inner width=&#8221;1\/4&#8243;][vc_column_text css=&#8221;.vc_custom_1729498371076{margin-bottom: 10px !important;}&#8221;]10:00[\/vc_column_text][\/vc_column_inner][vc_column_inner width=&#8221;3\/4&#8243;][vc_column_text css=&#8221;.vc_custom_1729499786342{margin-bottom: 10px !important;}&#8221;]Harrera. Ongi-etorria<br \/>\nKafea[\/vc_column_text][\/vc_column_inner][\/vc_row_inner][vc_row_inner css=&#8221;.vc_custom_1729497945473{margin-top: 0px !important;margin-bottom: 5px !important;padding-top: 5px !important;background-color: #E4DDDD !important;}&#8221;][vc_column_inner width=&#8221;1\/4&#8243; css=&#8221;.vc_custom_1729498042568{padding-top: 5px !important;}&#8221;][vc_column_text css=&#8221;.vc_custom_1729498361740{margin-bottom: 10px !important;}&#8221;]11:15[\/vc_column_text][\/vc_column_inner][vc_column_inner width=&#8221;3\/4&#8243; css=&#8221;.vc_custom_1729498049513{padding-top: 5px !important;}&#8221;][vc_column_text css=&#8221;.vc_custom_1729499792741{margin-bottom: 10px !important;}&#8221;]Otoitzerako lagungarriak<br \/>\nOtoitz pertsonala[\/vc_column_text][\/vc_column_inner][\/vc_row_inner][vc_row_inner css=&#8221;.vc_custom_1729497285336{margin-bottom: 5px !important;}&#8221;][vc_column_inner width=&#8221;1\/4&#8243; css=&#8221;.vc_custom_1729498155433{padding-top: 5px !important;}&#8221;][vc_column_text css=&#8221;.vc_custom_1729498379452{margin-bottom: 10px !important;}&#8221;]12:45[\/vc_column_text][\/vc_column_inner][vc_column_inner width=&#8221;3\/4&#8243; css=&#8221;.vc_custom_1729498162395{padding-top: 5px !important;}&#8221;][vc_column_text css=&#8221;.vc_custom_1729499810029{margin-bottom: 10px !important;}&#8221;]Eukaristia[\/vc_column_text][\/vc_column_inner][\/vc_row_inner][vc_row_inner css=&#8221;.vc_custom_1729497958800{margin-bottom: 5px !important;padding-top: 5px !important;background-color: #E4DDDD !important;}&#8221;][vc_column_inner width=&#8221;1\/4&#8243; css=&#8221;.vc_custom_1729498176467{padding-top: 5px !important;}&#8221;][vc_column_text css=&#8221;.vc_custom_1729498389541{margin-bottom: 10px !important;}&#8221;]13:30[\/vc_column_text][\/vc_column_inner][vc_column_inner width=&#8221;3\/4&#8243; css=&#8221;.vc_custom_1729498087168{padding-top: 5px !important;}&#8221;][vc_column_text css=&#8221;.vc_custom_1729499818772{margin-bottom: 10px !important;}&#8221;]Bazkaria[\/vc_column_text][\/vc_column_inner][\/vc_row_inner][vc_row_inner css=&#8221;.vc_custom_1729497298153{margin-bottom: 5px !important;}&#8221;][vc_column_inner width=&#8221;1\/4&#8243; css=&#8221;.vc_custom_1729498277826{padding-top: 5px !important;}&#8221;][vc_column_text css=&#8221;.vc_custom_1729498405700{margin-bottom: 10px !important;}&#8221;]15:00[\/vc_column_text][\/vc_column_inner][vc_column_inner width=&#8221;3\/4&#8243; css=&#8221;.vc_custom_1729498287642{padding-top: 5px !important;}&#8221;][vc_column_text css=&#8221;.vc_custom_1729499799533{margin-bottom: 10px !important;}&#8221;]Otoitzerako lagungarriak<br \/>\nOtoitz pertsonala[\/vc_column_text][\/vc_column_inner][\/vc_row_inner][vc_row_inner css=&#8221;.vc_custom_1729497970983{margin-bottom: 5px !important;padding-top: 5px !important;background-color: #E4DDDD !important;}&#8221;][vc_column_inner width=&#8221;1\/4&#8243; css=&#8221;.vc_custom_1729498112154{padding-top: 5px !important;}&#8221;][vc_column_text css=&#8221;.vc_custom_1729498414047{margin-bottom: 10px !important;}&#8221;]16:30[\/vc_column_text][\/vc_column_inner][vc_column_inner width=&#8221;3\/4&#8243; css=&#8221;.vc_custom_1729498107289{padding-top: 5px !important;}&#8221;][vc_column_text css=&#8221;.vc_custom_1729499828519{margin-bottom: 10px !important;}&#8221;]Elkarbanatzeko unea[\/vc_column_text][\/vc_column_inner][\/vc_row_inner][vc_row_inner css=&#8221;.vc_custom_1729497310232{margin-bottom: 5px !important;}&#8221;][vc_column_inner width=&#8221;1\/4&#8243; css=&#8221;.vc_custom_1729498246645{padding-top: 5px !important;}&#8221;][vc_column_text css=&#8221;.vc_custom_1729498421101{margin-bottom: 10px !important;}&#8221;]17:00[\/vc_column_text][\/vc_column_inner][vc_column_inner width=&#8221;3\/4&#8243; css=&#8221;.vc_custom_1729498253003{padding-top: 5px !important;}&#8221;][vc_column_text css=&#8221;.vc_custom_1729499837014{margin-bottom: 10px !important;}&#8221;]Agurra[\/vc_column_text][\/vc_column_inner][\/vc_row_inner][\/vc_column][vc_column width=&#8221;2\/3&#8243;][vc_row_inner][vc_column_inner][vc_single_image image=&#8221;33497&#8243; img_size=&#8221;full&#8221; alignment=&#8221;center&#8221; css=&#8221;&#8221;][\/vc_column_inner][\/vc_row_inner][\/vc_column][\/vc_row][vc_row css=&#8221;.vc_custom_1706002042310{margin-bottom: 0px !important;}&#8221;][vc_column width=&#8221;1\/2&#8243;][vc_separator color=&#8221;custom&#8221; border_width=&#8221;5&#8243; accent_color=&#8221;#37a9dd&#8221;][vc_custom_heading text=&#8221;Kontaktua&#8221; font_container=&#8221;tag:h2|font_size:32|text_align:left&#8221; google_fonts=&#8221;font_family:Montserrat%3Aregular%2C700|font_style:700%20bold%20regular%3A700%3Anormal&#8221; css=&#8221;.vc_custom_1729499629737{margin-bottom: 30px !important;}&#8221;][\/vc_column][vc_column width=&#8221;1\/2&#8243;][\/vc_column][\/vc_row][vc_row][vc_column width=&#8221;1\/2&#8243;][vc_column_text css=&#8221;&#8221;]Gotzain ordezkaria: Miren Idoia Iturrioz Etxabeguren<br \/>\nE-mail: <a href=\"mailto:iiturrioz@elizagipuzkoa.org\">iiturrioz@elizagipuzkoa.org<\/a><br \/>\nTelefonoa: 943 285 000<br \/>\nHeriz Pasealekua, 82 (Seminarioa)<br \/>\n20008 Donostia[\/vc_column_text][\/vc_column][\/vc_row][vc_row disable_element=&#8221;yes&#8221;][vc_column][vc_message icon_fontawesome=&#8221;far fa-hand-point-right&#8221;]<strong>Contactar<\/strong>[\/vc_message][vc_column_text]\u00bfQuieres ponerte en contacto con alg\u00fan miembro de la Delegaci\u00f3n Episcopal para la iniciaci\u00f3n cristiana de adultos? \u00bfQuieres recibir informaci\u00f3n de nuestra labor o contactarnos? Escr\u00edbenos y estaremos encantados de ayudarte.[\/vc_column_text][mvc_advanced_button align=&#8221;center&#8221; btn_text=&#8221;Escr\u00edbenos&#8221; btn_block=&#8221;btn_block&#8221; btn_size=&#8221;14&#8243; google_fonts=&#8221;font_family:Montserrat%3Aregular%2C700|font_style:700%20bold%20regular%3A700%3Anormal&#8221; btn_bg=&#8221;#37a9dd&#8221; btn_clr=&#8221;#ffffff&#8221; btn_url=&#8221;url:https%3A%2F%2Felizagipuzkoa.org%2Fcontacto%2F|title:Contacto&#8221;][\/vc_column][\/vc_row][vc_row css=&#8221;.vc_custom_1699728357483{margin-top: 50px !important;margin-bottom: 0px !important;padding-bottom: 25px !important;}&#8221;][vc_column][vc_separator color=&#8221;custom&#8221; border_width=&#8221;5&#8243; accent_color=&#8221;#37a9dd&#8221;][vc_custom_heading text=&#8221;Albisteak&#8221; font_container=&#8221;tag:h2|font_size:32|text_align:left&#8221; google_fonts=&#8221;font_family:Montserrat%3Aregular%2C700|font_style:700%20bold%20regular%3A700%3Anormal&#8221; css=&#8221;.vc_custom_1729237605013{margin-bottom: 50px !important;}&#8221;][vc_basic_grid post_type=&#8221;post&#8221; max_items=&#8221;3&#8243; item=&#8221;20700&#8243; initial_loading_animation=&#8221;none&#8221; css=&#8221;&#8221; grid_id=&#8221;vc_gid:1768288547215-22daaba9-c055-8&#8243; taxonomies=&#8221;188&#8243;][\/vc_column][\/vc_row][vc_row disable_element=&#8221;yes&#8221;][vc_column][vc_separator color=&#8221;custom&#8221; border_width=&#8221;5&#8243; accent_color=&#8221;#37a9dd&#8221;][vc_custom_heading text=&#8221;Enlaces de inter\u00e9s&#8221; font_container=&#8221;tag:h2|font_size:32|text_align:left&#8221; google_fonts=&#8221;font_family:Montserrat%3Aregular%2C700|font_style:700%20bold%20regular%3A700%3Anormal&#8221; css=&#8221;.vc_custom_1702134827900{margin-bottom: 50px !important;}&#8221;][\/vc_column][vc_column][vc_custom_heading text=&#8221;Orientaciones pastorales de la CEE&#8221; font_container=&#8221;tag:p|font_size:14|text_align:left&#8221; google_fonts=&#8221;font_family:Montserrat%3Aregular%2C700|font_style:400%20regular%3A400%3Anormal&#8221; el_class=&#8221;custom-p-border&#8221; link=&#8221;url:https%3A%2F%2Fwww.conferenciaepiscopal.es%2Fomella-presenta-orientaciones-pastorales%2F|target:_blank&#8221;][vc_custom_heading text=&#8221;Para dar luz&#8221; font_container=&#8221;tag:p|font_size:14|text_align:left&#8221; google_fonts=&#8221;font_family:Montserrat%3Aregular%2C700|font_style:400%20regular%3A400%3Anormal&#8221; el_class=&#8221;custom-p-border&#8221; link=&#8221;url:https%3A%2F%2Fwww.paradarluz.com%2F|target:_blank&#8221;][vc_custom_heading text=&#8221;#HazMemoria&#8221; font_container=&#8221;tag:p|font_size:14|text_align:left&#8221; google_fonts=&#8221;font_family:Montserrat%3Aregular%2C700|font_style:400%20regular%3A400%3Anormal&#8221; el_class=&#8221;custom-p-border&#8221; link=&#8221;url:https%3A%2F%2Fwww.conferenciaepiscopal.es%2Finteresa%2Fhazmemoria-2022%2F|target:_blank&#8221;][vc_custom_heading text=&#8221;Cuadernos del Concilio&#8221; font_container=&#8221;tag:p|font_size:14|text_align:left&#8221; google_fonts=&#8221;font_family:Montserrat%3Aregular%2C700|font_style:400%20regular%3A400%3Anormal&#8221; el_class=&#8221;custom-p-border&#8221; link=&#8221;url:http%3A%2F%2Fcuadernosdelconcilio.com%2F|target:_blank&#8221;][vc_custom_heading text=&#8221;S\u00ednodo 2021 &#8211; 2024&#8243; font_container=&#8221;tag:p|font_size:14|text_align:left&#8221; google_fonts=&#8221;font_family:Montserrat%3Aregular%2C700|font_style:400%20regular%3A400%3Anormal&#8221; el_class=&#8221;custom-p-border&#8221; link=&#8221;url:https%3A%2F%2Fwww.conferenciaepiscopal.es%2Finteresa%2Fsinodo%2F|target:_blank&#8221;][\/vc_column][\/vc_row]<\/p>\n<\/div>","protected":false},"excerpt":{"rendered":"<p>[vc_row css=&#8221;.vc_custom_1707207537673{margin-top: 30px !important;margin-bottom: 30px !important;}&#8221;][vc_column][vc_column_text css=&#8221;&#8221;]Ordezkaritzaren eginkizun nagusia elizbarrutiko laikoak animatzea eta laguntzea da, elkarrekin deiera laikoan elkarrekin hazten jarraitzeko; eta, bide batez, Elizarekiko [&#8230;]<\/p>\n","protected":false},"author":4,"featured_media":0,"parent":22400,"menu_order":0,"comment_status":"closed","ping_status":"closed","template":"","meta":{"_price":"","_stock":"","_tribe_ticket_header":"","_tribe_default_ticket_provider":"","_tribe_ticket_capacity":"0","_ticket_start_date":"","_ticket_end_date":"","_tribe_ticket_show_description":"","_tribe_ticket_show_not_going":false,"_tribe_ticket_use_global_stock":"","_tribe_ticket_global_stock_level":"","_global_stock_mode":"","_global_stock_cap":"","_tribe_rsvp_for_event":"","_tribe_ticket_going_count":"","_tribe_ticket_not_going_count":"","_tribe_tickets_list":"[]","_tribe_ticket_has_attendee_info_fields":false,"footnotes":""},"class_list":["post-33234","page","type-page","status-publish","hentry"],"yoast_head":"<!-- This site is optimized with the Yoast SEO plugin v26.9 - https:\/\/yoast.com\/product\/yoast-seo-wordpress\/ -->\n<title>Laikoak - Di\u00f3cesis de San Sebasti\u00e1n<\/title>\n<meta name=\"robots\" content=\"index, follow, max-snippet:-1, max-image-preview:large, max-video-preview:-1\" \/>\n<link rel=\"canonical\" href=\"https:\/\/elizagipuzkoa.org\/eu\/elizbarrutia\/erakundea\/ebanjelizatze-arloa\/laikoak\/\" \/>\n<meta property=\"og:locale\" content=\"en_US\" \/>\n<meta property=\"og:type\" content=\"article\" \/>\n<meta property=\"og:title\" content=\"Laikoak - Di\u00f3cesis de San Sebasti\u00e1n\" \/>\n<meta property=\"og:description\" content=\"[vc_row css=&#8221;.vc_custom_1707207537673{margin-top: 30px !important;margin-bottom: 30px !important;}&#8221;][vc_column][vc_column_text css=&#8221;&#8221;]Ordezkaritzaren eginkizun nagusia elizbarrutiko laikoak animatzea eta laguntzea da, elkarrekin deiera laikoan elkarrekin hazten jarraitzeko; eta, bide batez, Elizarekiko [...]\" \/>\n<meta property=\"og:url\" content=\"https:\/\/elizagipuzkoa.org\/eu\/elizbarrutia\/erakundea\/ebanjelizatze-arloa\/laikoak\/\" \/>\n<meta property=\"og:site_name\" content=\"Di\u00f3cesis de San Sebasti\u00e1n\" \/>\n<meta property=\"article:publisher\" content=\"https:\/\/www.facebook.com\/p\/Donostiako-ElizbarrutiaDicesis-de-San-Sebastin-100064874702840\/\" \/>\n<meta property=\"article:modified_time\" content=\"2026-01-13T07:16:48+00:00\" \/>\n<meta name=\"twitter:card\" content=\"summary_large_image\" \/>\n<meta name=\"twitter:site\" content=\"@diocesis_ss\" \/>\n<meta name=\"twitter:label1\" content=\"Est. reading time\" \/>\n\t<meta name=\"twitter:data1\" content=\"3 minutua\" \/>\n<script type=\"application\/ld+json\" class=\"yoast-schema-graph\">{\"@context\":\"https:\/\/schema.org\",\"@graph\":[{\"@type\":\"WebPage\",\"@id\":\"https:\/\/elizagipuzkoa.org\/eu\/elizbarrutia\/erakundea\/ebanjelizatze-arloa\/laikoak\/\",\"url\":\"https:\/\/elizagipuzkoa.org\/eu\/elizbarrutia\/erakundea\/ebanjelizatze-arloa\/laikoak\/\",\"name\":\"Laikoak - Di\u00f3cesis de San Sebasti\u00e1n\",\"isPartOf\":{\"@id\":\"https:\/\/elizagipuzkoa.org\/eu\/#website\"},\"datePublished\":\"2024-10-16T06:11:14+00:00\",\"dateModified\":\"2026-01-13T07:16:48+00:00\",\"breadcrumb\":{\"@id\":\"https:\/\/elizagipuzkoa.org\/eu\/elizbarrutia\/erakundea\/ebanjelizatze-arloa\/laikoak\/#breadcrumb\"},\"inLanguage\":\"eu\",\"potentialAction\":[{\"@type\":\"ReadAction\",\"target\":[\"https:\/\/elizagipuzkoa.org\/eu\/elizbarrutia\/erakundea\/ebanjelizatze-arloa\/laikoak\/\"]}]},{\"@type\":\"BreadcrumbList\",\"@id\":\"https:\/\/elizagipuzkoa.org\/eu\/elizbarrutia\/erakundea\/ebanjelizatze-arloa\/laikoak\/#breadcrumb\",\"itemListElement\":[{\"@type\":\"ListItem\",\"position\":1,\"name\":\"Inicio\",\"item\":\"https:\/\/elizagipuzkoa.org\/eu\/\"},{\"@type\":\"ListItem\",\"position\":2,\"name\":\"Elizbarrutia\",\"item\":\"https:\/\/elizagipuzkoa.org\/eu\/diocesis\/\"},{\"@type\":\"ListItem\",\"position\":3,\"name\":\"Erakundea\",\"item\":\"https:\/\/elizagipuzkoa.org\/eu\/elizbarrutia\/erakundea\/\"},{\"@type\":\"ListItem\",\"position\":4,\"name\":\"Ebanjelizatze arloa\",\"item\":\"https:\/\/elizagipuzkoa.org\/eu\/elizbarrutia\/erakundea\/ebanjelizatze-arloa\/\"},{\"@type\":\"ListItem\",\"position\":5,\"name\":\"Laikoak\"}]},{\"@type\":\"WebSite\",\"@id\":\"https:\/\/elizagipuzkoa.org\/eu\/#website\",\"url\":\"https:\/\/elizagipuzkoa.org\/eu\/\",\"name\":\"Di\u00f3cesis de San Sebasti\u00e1n\",\"description\":\"\",\"publisher\":{\"@id\":\"https:\/\/elizagipuzkoa.org\/eu\/#organization\"},\"potentialAction\":[{\"@type\":\"SearchAction\",\"target\":{\"@type\":\"EntryPoint\",\"urlTemplate\":\"https:\/\/elizagipuzkoa.org\/eu\/?s={search_term_string}\"},\"query-input\":{\"@type\":\"PropertyValueSpecification\",\"valueRequired\":true,\"valueName\":\"search_term_string\"}}],\"inLanguage\":\"eu\"},{\"@type\":\"Organization\",\"@id\":\"https:\/\/elizagipuzkoa.org\/eu\/#organization\",\"name\":\"Di\u00f3cesis de San Sebasti\u00e1n\",\"url\":\"https:\/\/elizagipuzkoa.org\/eu\/\",\"logo\":{\"@type\":\"ImageObject\",\"inLanguage\":\"eu\",\"@id\":\"https:\/\/elizagipuzkoa.org\/eu\/#\/schema\/logo\/image\/\",\"url\":\"https:\/\/elizagipuzkoa.org\/wp-content\/uploads\/2024\/02\/logo_transparente_250.png\",\"contentUrl\":\"https:\/\/elizagipuzkoa.org\/wp-content\/uploads\/2024\/02\/logo_transparente_250.png\",\"width\":250,\"height\":124,\"caption\":\"Di\u00f3cesis de San Sebasti\u00e1n\"},\"image\":{\"@id\":\"https:\/\/elizagipuzkoa.org\/eu\/#\/schema\/logo\/image\/\"},\"sameAs\":[\"https:\/\/www.facebook.com\/p\/Donostiako-ElizbarrutiaDicesis-de-San-Sebastin-100064874702840\/\",\"https:\/\/x.com\/diocesis_ss\",\"https:\/\/www.instagram.com\/diocesis_ss\/?hl=es\",\"https:\/\/www.youtube.com\/@DiocesisdeSanSebastian\",\"https:\/\/www.flickr.com\/photos\/133958253@N05\/albums\/\"]}]}<\/script>\n<!-- \/ Yoast SEO plugin. -->","yoast_head_json":{"title":"Laikoak - Di\u00f3cesis de San Sebasti\u00e1n","robots":{"index":"index","follow":"follow","max-snippet":"max-snippet:-1","max-image-preview":"max-image-preview:large","max-video-preview":"max-video-preview:-1"},"canonical":"https:\/\/elizagipuzkoa.org\/eu\/elizbarrutia\/erakundea\/ebanjelizatze-arloa\/laikoak\/","og_locale":"en_US","og_type":"article","og_title":"Laikoak - Di\u00f3cesis de San Sebasti\u00e1n","og_description":"[vc_row css=&#8221;.vc_custom_1707207537673{margin-top: 30px !important;margin-bottom: 30px !important;}&#8221;][vc_column][vc_column_text css=&#8221;&#8221;]Ordezkaritzaren eginkizun nagusia elizbarrutiko laikoak animatzea eta laguntzea da, elkarrekin deiera laikoan elkarrekin hazten jarraitzeko; eta, bide batez, Elizarekiko [...]","og_url":"https:\/\/elizagipuzkoa.org\/eu\/elizbarrutia\/erakundea\/ebanjelizatze-arloa\/laikoak\/","og_site_name":"Di\u00f3cesis de San Sebasti\u00e1n","article_publisher":"https:\/\/www.facebook.com\/p\/Donostiako-ElizbarrutiaDicesis-de-San-Sebastin-100064874702840\/","article_modified_time":"2026-01-13T07:16:48+00:00","twitter_card":"summary_large_image","twitter_site":"@diocesis_ss","twitter_misc":{"Est. reading time":"3 minutua"},"schema":{"@context":"https:\/\/schema.org","@graph":[{"@type":"WebPage","@id":"https:\/\/elizagipuzkoa.org\/eu\/elizbarrutia\/erakundea\/ebanjelizatze-arloa\/laikoak\/","url":"https:\/\/elizagipuzkoa.org\/eu\/elizbarrutia\/erakundea\/ebanjelizatze-arloa\/laikoak\/","name":"Laikoak - Di\u00f3cesis de San Sebasti\u00e1n","isPartOf":{"@id":"https:\/\/elizagipuzkoa.org\/eu\/#website"},"datePublished":"2024-10-16T06:11:14+00:00","dateModified":"2026-01-13T07:16:48+00:00","breadcrumb":{"@id":"https:\/\/elizagipuzkoa.org\/eu\/elizbarrutia\/erakundea\/ebanjelizatze-arloa\/laikoak\/#breadcrumb"},"inLanguage":"eu","potentialAction":[{"@type":"ReadAction","target":["https:\/\/elizagipuzkoa.org\/eu\/elizbarrutia\/erakundea\/ebanjelizatze-arloa\/laikoak\/"]}]},{"@type":"BreadcrumbList","@id":"https:\/\/elizagipuzkoa.org\/eu\/elizbarrutia\/erakundea\/ebanjelizatze-arloa\/laikoak\/#breadcrumb","itemListElement":[{"@type":"ListItem","position":1,"name":"Inicio","item":"https:\/\/elizagipuzkoa.org\/eu\/"},{"@type":"ListItem","position":2,"name":"Elizbarrutia","item":"https:\/\/elizagipuzkoa.org\/eu\/diocesis\/"},{"@type":"ListItem","position":3,"name":"Erakundea","item":"https:\/\/elizagipuzkoa.org\/eu\/elizbarrutia\/erakundea\/"},{"@type":"ListItem","position":4,"name":"Ebanjelizatze arloa","item":"https:\/\/elizagipuzkoa.org\/eu\/elizbarrutia\/erakundea\/ebanjelizatze-arloa\/"},{"@type":"ListItem","position":5,"name":"Laikoak"}]},{"@type":"WebSite","@id":"https:\/\/elizagipuzkoa.org\/eu\/#website","url":"https:\/\/elizagipuzkoa.org\/eu\/","name":"Di\u00f3cesis de San Sebasti\u00e1n","description":"","publisher":{"@id":"https:\/\/elizagipuzkoa.org\/eu\/#organization"},"potentialAction":[{"@type":"SearchAction","target":{"@type":"EntryPoint","urlTemplate":"https:\/\/elizagipuzkoa.org\/eu\/?s={search_term_string}"},"query-input":{"@type":"PropertyValueSpecification","valueRequired":true,"valueName":"search_term_string"}}],"inLanguage":"eu"},{"@type":"Organization","@id":"https:\/\/elizagipuzkoa.org\/eu\/#organization","name":"Di\u00f3cesis de San Sebasti\u00e1n","url":"https:\/\/elizagipuzkoa.org\/eu\/","logo":{"@type":"ImageObject","inLanguage":"eu","@id":"https:\/\/elizagipuzkoa.org\/eu\/#\/schema\/logo\/image\/","url":"https:\/\/elizagipuzkoa.org\/wp-content\/uploads\/2024\/02\/logo_transparente_250.png","contentUrl":"https:\/\/elizagipuzkoa.org\/wp-content\/uploads\/2024\/02\/logo_transparente_250.png","width":250,"height":124,"caption":"Di\u00f3cesis de San Sebasti\u00e1n"},"image":{"@id":"https:\/\/elizagipuzkoa.org\/eu\/#\/schema\/logo\/image\/"},"sameAs":["https:\/\/www.facebook.com\/p\/Donostiako-ElizbarrutiaDicesis-de-San-Sebastin-100064874702840\/","https:\/\/x.com\/diocesis_ss","https:\/\/www.instagram.com\/diocesis_ss\/?hl=es","https:\/\/www.youtube.com\/@DiocesisdeSanSebastian","https:\/\/www.flickr.com\/photos\/133958253@N05\/albums\/"]}]}},"ticketed":false,"_links":{"self":[{"href":"https:\/\/elizagipuzkoa.org\/eu\/wp-json\/wp\/v2\/pages\/33234","targetHints":{"allow":["GET"]}}],"collection":[{"href":"https:\/\/elizagipuzkoa.org\/eu\/wp-json\/wp\/v2\/pages"}],"about":[{"href":"https:\/\/elizagipuzkoa.org\/eu\/wp-json\/wp\/v2\/types\/page"}],"author":[{"embeddable":true,"href":"https:\/\/elizagipuzkoa.org\/eu\/wp-json\/wp\/v2\/users\/4"}],"replies":[{"embeddable":true,"href":"https:\/\/elizagipuzkoa.org\/eu\/wp-json\/wp\/v2\/comments?post=33234"}],"version-history":[{"count":12,"href":"https:\/\/elizagipuzkoa.org\/eu\/wp-json\/wp\/v2\/pages\/33234\/revisions"}],"predecessor-version":[{"id":53519,"href":"https:\/\/elizagipuzkoa.org\/eu\/wp-json\/wp\/v2\/pages\/33234\/revisions\/53519"}],"up":[{"embeddable":true,"href":"https:\/\/elizagipuzkoa.org\/eu\/wp-json\/wp\/v2\/pages\/22400"}],"wp:attachment":[{"href":"https:\/\/elizagipuzkoa.org\/eu\/wp-json\/wp\/v2\/media?parent=33234"}],"curies":[{"name":"wp","href":"https:\/\/api.w.org\/{rel}","templated":true}]}}